{"id":3370,"date":"2026-04-27T17:22:44","date_gmt":"2026-04-27T17:22:44","guid":{"rendered":"https:\/\/amatci.tresor.gouv.ci\/?page_id=3370"},"modified":"2026-04-28T19:16:27","modified_gmt":"2026-04-28T19:16:27","slug":"comite-de-controle","status":"publish","type":"page","link":"https:\/\/amatci.tresor.gouv.ci\/index.php\/comite-de-controle\/","title":{"rendered":"Comit\u00e9 de Contr\u00f4le"},"content":{"rendered":"\t\t<div data-elementor-type=\"wp-page\" data-elementor-id=\"3370\" class=\"elementor elementor-3370\">\n\t\t\t\t<div class=\"elementor-element elementor-element-723b3f7 e-flex e-con-boxed e-con e-parent\" data-id=\"723b3f7\" data-element_type=\"container\">\n\t\t\t\t\t<div class=\"e-con-inner\">\n\t\t\t\t<div class=\"elementor-element elementor-element-067c458 elementor-widget elementor-widget-text-editor\" data-id=\"067c458\" data-element_type=\"widget\" data-widget_type=\"text-editor.default\">\n\t\t\t\t<div class=\"elementor-widget-container\">\n\t\t\t\t\t\t\t\t\t<h1><strong>1. Composition et qualit\u00e9 des membres du Comit\u00e9 de Contr\u00f4le<\/strong><\/h1><p>Composition et qualit\u00e9 des membres du Comit\u00e9 de Contr\u00f4le Le Comit\u00e9 de Contr\u00f4le est compos\u00e9 de deux (2) membres \u00e9lus par l\u2019Assembl\u00e9e G\u00e9n\u00e9rale pour un mandat de trois (03) exercices. Ils sont choisis en raison de leur comp\u00e9tence particuli\u00e8re en mati\u00e8re d\u2019audit, de contr\u00f4le de gestion, de contr\u00f4le des op\u00e9rations des compagnies assurances et de v\u00e9rification des comptes. Ils doivent avoir la qualit\u00e9 d\u2019Inspecteur V\u00e9rificateur Principal et \u00eatre issus pour l\u2019un de l\u2019Inspection G\u00e9n\u00e9rale et Audit du Tr\u00e9sor et, pour l\u2019autre de la Direction des Assurances. Toutefois en cas de besoin, le Conseil d\u2019Administration peut recourir \u00e0 des experts comptables inscrits au tableau de l\u2019ordre des Experts Comptables et Comptables agr\u00e9\u00e9s, notamment pour la certification des comptes de l\u2019AMAT-CI. En cas de faute ou d\u2019emp\u00eachement absolu, les membres du Comit\u00e9 de Contr\u00f4le peuvent \u00eatre relev\u00e9s de leurs fonctions par l\u2019Assembl\u00e9e G\u00e9n\u00e9rale, sur proposition du Conseil d\u2019Administration.<\/p>\t\t\t\t\t\t\t\t<\/div>\n\t\t\t\t<\/div>\n\t\t\t\t\t<\/div>\n\t\t\t\t<\/div>\n\t\t<div class=\"elementor-element elementor-element-3f055eb e-flex e-con-boxed e-con e-parent\" data-id=\"3f055eb\" data-element_type=\"container\">\n\t\t\t\t\t<div class=\"e-con-inner\">\n\t\t\t\t<div class=\"elementor-element elementor-element-276d421 elementor-widget elementor-widget-text-editor\" data-id=\"276d421\" data-element_type=\"widget\" data-widget_type=\"text-editor.default\">\n\t\t\t\t<div class=\"elementor-widget-container\">\n\t\t\t\t\t\t\t\t\t<h1><strong>2. Attributions<\/strong><\/h1><p>Le Comit\u00e9 de Contr\u00f4le certifie la r\u00e9gularit\u00e9 et la sinc\u00e9rit\u00e9 des \u00e9tats financiers de synth\u00e8se de fin d\u2019exercice. Le Comit\u00e9 de Contr\u00f4le a pour mission : &#8211; de contr\u00f4ler la gestion technique, administrative et financi\u00e8re de l\u2019AMAT-CI selon les r\u00e8gles prudentielles ; &#8211; de v\u00e9rifier la r\u00e9gularit\u00e9 des op\u00e9rations comptables et la tenue r\u00e9guli\u00e8re des livres comptables de l\u2019AMAT-CI ; &#8211; de dresser un rapport \u00e0 l\u2019Assembl\u00e9e G\u00e9n\u00e9rale.<\/p>\t\t\t\t\t\t\t\t<\/div>\n\t\t\t\t<\/div>\n\t\t\t\t\t<\/div>\n\t\t\t\t<\/div>\n\t\t\t\t<\/div>\n\t\t","protected":false},"excerpt":{"rendered":"<p>1. Composition et qualit\u00e9 des membres du Comit\u00e9 de Contr\u00f4le Composition et qualit\u00e9 des membres du Comit\u00e9 de Contr\u00f4le Le Comit\u00e9 de Contr\u00f4le est compos\u00e9 de deux (2) membres \u00e9lus par l\u2019Assembl\u00e9e G\u00e9n\u00e9rale pour un mandat de trois (03) exercices. Ils sont choisis en raison de leur comp\u00e9tence particuli\u00e8re en mati\u00e8re d\u2019audit, de contr\u00f4le de [&hellip;]<\/p>\n","protected":false},"author":2,"featured_media":0,"parent":0,"menu_order":0,"comment_status":"closed","ping_status":"closed","template":"","meta":{"footnotes":""},"class_list":["post-3370","page","type-page","status-publish","hentry"],"_links":{"self":[{"href":"https:\/\/amatci.tresor.gouv.ci\/index.php\/wp-json\/wp\/v2\/pages\/3370","targetHints":{"allow":["GET"]}}],"collection":[{"href":"https:\/\/amatci.tresor.gouv.ci\/index.php\/wp-json\/wp\/v2\/pages"}],"about":[{"href":"https:\/\/amatci.tresor.gouv.ci\/index.php\/wp-json\/wp\/v2\/types\/page"}],"author":[{"embeddable":true,"href":"https:\/\/amatci.tresor.gouv.ci\/index.php\/wp-json\/wp\/v2\/users\/2"}],"replies":[{"embeddable":true,"href":"https:\/\/amatci.tresor.gouv.ci\/index.php\/wp-json\/wp\/v2\/comments?post=3370"}],"version-history":[{"count":13,"href":"https:\/\/amatci.tresor.gouv.ci\/index.php\/wp-json\/wp\/v2\/pages\/3370\/revisions"}],"predecessor-version":[{"id":3649,"href":"https:\/\/amatci.tresor.gouv.ci\/index.php\/wp-json\/wp\/v2\/pages\/3370\/revisions\/3649"}],"wp:attachment":[{"href":"https:\/\/amatci.tresor.gouv.ci\/index.php\/wp-json\/wp\/v2\/media?parent=3370"}],"curies":[{"name":"wp","href":"https:\/\/api.w.org\/{rel}","templated":true}]}}